{"version":"1.0","type":"rich","provider_name":"Handivelo.fr","provider_url":"https:\/\/handivelo.fr","title":"Arceau accessible \u003Cabbr title=\"Personnes &#224; Mobilit&#233; R&#233;duite\"\u003EPMR\u003C\/abbr\u003E \u00e0 Nantes","author_name":"handivelo","width":"480","height":"295","url":"http:\/\/www.handivelo.fr\/arceau-accessible-pmr-a-nantes.html","html":"\u003Ch4 class='title'\u003E\u003Ca href='http:\/\/www.handivelo.fr\/arceau-accessible-pmr-a-nantes.html'\u003EArceau accessible \u003Cabbr title=\"Personnes &#224; Mobilit&#233; R&#233;duite\"\u003EPMR\u003C\/abbr\u003E \u00e0 Nantes\u003C\/a\u003E\u003C\/h4\u003E\u003Cblockquote class='spip'\u003E\n\u003Cp\u003ECommandez sur Techni-Contact  Support v\u00e9lo PMR. dans la lettre du Club des villes et territoires cyclables et marchables \n\nPremi\u00e8re en France&nbsp;: des places de stationnement v\u00e9lo adapt\u00e9es aux PMR \u00e0 Nantes  \n\nEn juin 2023, suite \u00e0 une interpellation sur les r\u00e9seaux sociaux concernant le manque de stationnement pour les v\u00e9los des personnes \u00e0 mobilit\u00e9 r\u00e9duite (PMR), Nantes M\u00e9tropole lance une r\u00e9flexion sur le sujet. En f\u00e9vrier 2024, une exp\u00e9rimentation d\u00e9marre avec un dispositif innovant&nbsp;:&nbsp;(\u2026)\u003C\/p\u003E\n\u003C\/blockquote\u003E\n"}