{"version":"1.0","type":"rich","provider_name":"Handivelo.fr","provider_url":"https:\/\/handivelo.fr","title":"Les pistes cyclables et l&#8217;accessibilit\u00e9","author_name":"handivelo","width":"480","height":"295","url":"http:\/\/www.handivelo.fr\/les-pistes-cyclables-et-l-accessibilite.html","html":"\u003Ch4 class='title'\u003E\u003Ca href='http:\/\/www.handivelo.fr\/les-pistes-cyclables-et-l-accessibilite.html'\u003ELes pistes cyclables et l&#8217;accessibilit\u00e9\u003C\/a\u003E\u003C\/h4\u003E\u003Cblockquote class='spip'\u003E\n\u003Cp\u003ELa mobilit\u00e9 de tous est inscrite comme droit fondamental dans le corpus l\u00e9gislatif et r\u00e9glementaire. \n\nL\u2019article 45 de la loi de 2005 pr\u00e9cise&nbsp;: &#171;&nbsp;La cha\u00eene du d\u00e9placement, qui comprend le cadre b\u00e2ti, la voirie, les am\u00e9nagements des espaces publics, les syst\u00e8mes de transport et leur intermodalit\u00e9, est organis\u00e9e pour permettre son accessibilit\u00e9 dans sa totalit\u00e9 aux personnes handicap\u00e9es ou \u00e0 mobilit\u00e9 r\u00e9duite.&nbsp;&#187; \n\n Y compris les services de v\u00e9los en libre-service \n\nComment avoir des pistes&nbsp;(\u2026)\u003C\/p\u003E\n\u003C\/blockquote\u003E\n"}