{"version":"1.0","type":"rich","provider_name":"Handivelo.fr","provider_url":"https:\/\/handivelo.fr","title":"V\u00e9ligo Location&nbsp;: des v\u00e9los adapt\u00e9s pour tous les Franciliens","author_name":"handivelo","width":"480","height":"295","url":"https:\/\/www.handivelo.fr\/veligo-location-des-velos-adaptes-pour-tous-les-franciliens.html","html":"\u003Ch4 class='title'\u003E\u003Ca href='https:\/\/www.handivelo.fr\/veligo-location-des-velos-adaptes-pour-tous-les-franciliens.html'\u003EV\u00e9ligo Location&nbsp;: des v\u00e9los adapt\u00e9s pour tous les Franciliens\u003C\/a\u003E\u003C\/h4\u003E\u003Cblockquote class='spip'\u003E\n\u003Cp\u003EV\u00e9ligo Location, service d\u2019\u00cele-de-France Mobilit\u00e9s \n\n Propose depuis 2019 un service de location longue dur\u00e9e de v\u00e9los afin d\u2019accompagner les Franciliens vers la mobilit\u00e9 active. \n\nApr\u00e8s avoir d\u00e9mocratis\u00e9 le v\u00e9lo \u00e0 assistance \u00e9lectrique, avec plus de 130 000 Franciliens qui ont d\u00e9j\u00e0 profit\u00e9 de ce service,  le service franchit une nouvelle \u00e9tape en offrant \u00e0 la location longue dur\u00e9e une gamme compl\u00e8te de v\u00e9los adapt\u00e9s, con\u00e7us pour les personnes ne pouvant pas faire de v\u00e9lo classique pour&nbsp;(\u2026)\u003C\/p\u003E\n\u003C\/blockquote\u003E\n"}